{"id":58019,"date":"2017-11-22T12:21:32","date_gmt":"2017-11-22T12:21:32","guid":{"rendered":"https:\/\/arq.trigger.pt\/projeto\/iluminacao-comercial-led-tabaqueira\/"},"modified":"2020-08-24T08:49:11","modified_gmt":"2020-08-24T08:49:11","slug":"iluminacao-comercial-led-tabaqueira","status":"publish","type":"dt_portfolio","link":"https:\/\/arq.trigger.pt\/en\/project\/iluminacao-comercial-led-tabaqueira\/","title":{"rendered":"Tabaqueira"},"content":{"rendered":"<div class=\"wpb-content-wrapper\"><p>[vc_row][vc_column]<div id=\"ultimate-heading-531369ec93e4035a8\" class=\"uvc-heading ult-adjust-bottom-margin ultimate-heading-531369ec93e4035a8 uvc-7006 \" data-hspacer=\"line_only\"  data-halign=\"left\" style=\"text-align:left\"><div class=\"uvc-main-heading ult-responsive\"  data-ultimate-target='.uvc-heading.ultimate-heading-531369ec93e4035a8 h1'  data-responsive-json-new='{\"font-size\":\"desktop:30px;\",\"line-height\":\"desktop:40px;\"}' ><h1 style=\"font-weight:700;margin-bottom:10px;\">TABAQUEIRA<\/h1><\/div><div class=\"uvc-heading-spacer line_only\" style=\"margin-bottom:30px;height:3px;\"><span class=\"uvc-headings-line\" style=\"border-style:solid;border-bottom-width:3px;border-color:#da2128;width:200px;\"><\/span><\/div><div class=\"uvc-sub-heading ult-responsive\"  data-ultimate-target='.uvc-heading.ultimate-heading-531369ec93e4035a8 .uvc-sub-heading '  data-responsive-json-new='{\"font-size\":\"desktop:20px;\",\"line-height\":\"desktop:30px;\"}'  style=\"font-family:&#039;Roboto&#039;;font-weight:bold;color:#333333;margin-bottom:10px;\">Projeto de ilumina\u00e7\u00e3o integral a LED &#8211; interior e exterior da f\u00e1brica<\/div><\/div>[vc_row_inner css=&#8221;.vc_custom_1509114588078{margin-top: 30px !important;}&#8221;][vc_column_inner width=&#8221;1\/3&#8243; css=&#8221;.vc_custom_1511196402503{margin-right: -30px !important;}&#8221;]<div class=\"standard-arrow list-divider bullet-top\"><ul>\n<li>Date: <strong>2013<\/strong><\/li>\n<li>Typology: <strong>Commercial Lighting<br \/>\n<\/strong><\/li>\n<\/ul>\n<\/div>[vc_empty_space height=&#8221;20px&#8221;]<style type=\"text\/css\" data-type=\"the7_shortcodes-inline-css\">#default-btn-badca9102dacf3c14ceb313019b35d82.ico-right-side > i {\n  margin-right: 0px;\n  margin-left: 8px;\n}\n#default-btn-badca9102dacf3c14ceb313019b35d82 > i {\n  margin-right: 8px;\n}\n<\/style><div class=\"btn-align-center\"><a href=\"http:\/\/www.arquiled.com\/wp-content\/uploads\/2018\/02\/ARQUILED-CASE-STUDY-COMERCIAL-TABAQUEIRA-2012_PT2.pdf\" class=\"default-btn-shortcode dt-btn dt-btn-m link-hover-off full-width-btn \" target=\"_blank\" id=\"default-btn-badca9102dacf3c14ceb313019b35d82\" rel=\"noopener\"><i class=\"fa fa-download\"><\/i><span>DOWNLOAD PROJETO (pdf)<\/span><\/a><\/div>[\/vc_column_inner][vc_column_inner width=&#8221;2\/3&#8243;][vc_column_text]A Tabaqueira, subsidi\u00e1ria em Portugal da Philip Morris International, \u00e9 a mais importante empresa no setor do tabaco em Portugal e uma das maiores empresas do pa\u00eds.<\/p>\n<p>A interven\u00e7\u00e3o teve como objetivo a implementa\u00e7\u00e3o integral de ilumina\u00e7\u00e3o eficiente a LED, com capacidade de gest\u00e3o, na \u00e1rea de produ\u00e7\u00e3o onde se desenvolve o tratamento da folha de tabaco, designada de prim\u00e1rio e exteriores da f\u00e1brica.<\/p>\n<p>As condi\u00e7\u00f5es apresentadas pelo pr\u00f3prio espa\u00e7o com um elevado p\u00e9 direito e o ambiente industrial, natural de uma instala\u00e7\u00e3o deste tipo, foram os grandes desafios, aspetos\u00a0que requereram da parte da equipa de light design especial aten\u00e7\u00e3o na ilumina\u00e7\u00e3o de zonas encobertas por equipamentos industriais e nas caracter\u00edsticas das lumin\u00e1rias adequadas ao ambiente adverso de uma ind\u00fastria deste tipo.[\/vc_column_text][\/vc_column_inner][\/vc_row_inner][\/vc_column][\/vc_row][vc_row type=&#8221;vc_default&#8221;][vc_column width=&#8221;1\/3&#8243;][\/vc_column][vc_column width=&#8221;1\/3&#8243;][\/vc_column][vc_column width=&#8221;1\/3&#8243;][\/vc_column][\/vc_row]<\/p>\n<\/div>","protected":false},"excerpt":{"rendered":"<p>LED lighting project &#8211; all indoor and outdoor areas of the factory.<\/p>\n","protected":false},"author":6,"featured_media":57261,"comment_status":"closed","ping_status":"closed","template":"","dt_portfolio_category":[509,510],"dt_portfolio_tags":[],"class_list":["post-58019","dt_portfolio","type-dt_portfolio","status-publish","has-post-thumbnail","hentry","dt_portfolio_category-commercial-lighting","dt_portfolio_category-projetos-ilucom-en","dt_portfolio_category-509","dt_portfolio_category-510","description-off"],"acf":[],"yoast_head":"<!-- This site is optimized with the Yoast SEO plugin v26.1 - https:\/\/yoast.com\/wordpress\/plugins\/seo\/ -->\n<title>Ilumina\u00e7\u00e3o Comercial LED - Tabaqueira | Arquiled - Projetos<\/title>\n<meta name=\"description\" content=\"Projeto de ilumina\u00e7\u00e3o integral a LED com capacidade de gest\u00e3o na Tabaqueira, subsidi\u00e1ria Portuguesa do Philip Morris International. Procedeu-se \u00e0 implementa\u00e7\u00e3o de tecnologia LED na \u00e1rea de tratamento da folha de tabaco. O elevado p\u00e9 direito e o ambiente industrial foram os desafios. | Arquiled\" \/>\n<meta name=\"robots\" content=\"noindex, follow, max-snippet:-1, max-image-preview:large, max-video-preview:-1\" \/>\n<meta name=\"twitter:card\" content=\"summary_large_image\" \/>\n<meta name=\"twitter:title\" content=\"Ilumina\u00e7\u00e3o Comercial LED - Tabaqueira | Arquiled - Projetos\" \/>\n<meta name=\"twitter:description\" content=\"Projeto de ilumina\u00e7\u00e3o integral a LED com capacidade de gest\u00e3o na Tabaqueira, subsidi\u00e1ria Portuguesa do Philip Morris International. Procedeu-se \u00e0 implementa\u00e7\u00e3o de tecnologia LED na \u00e1rea de tratamento da folha de tabaco. O elevado p\u00e9 direito e o ambiente industrial foram os desafios. | Arquiled\" \/>\n<meta name=\"twitter:image\" content=\"https:\/\/arq.trigger.pt\/wp-content\/uploads\/2017\/11\/thumbnail-tabaqueira.jpg\" \/>\n<meta name=\"twitter:label1\" content=\"Est. reading time\" \/>\n\t<meta name=\"twitter:data1\" content=\"2 minutes\" \/>\n<script type=\"application\/ld+json\" class=\"yoast-schema-graph\">{\"@context\":\"https:\/\/schema.org\",\"@graph\":[{\"@type\":\"WebPage\",\"@id\":\"https:\/\/arq.trigger.pt\/en\/project\/iluminacao-comercial-led-tabaqueira\/\",\"url\":\"https:\/\/arq.trigger.pt\/en\/project\/iluminacao-comercial-led-tabaqueira\/\",\"name\":\"Ilumina\u00e7\u00e3o Comercial LED - Tabaqueira | Arquiled - Projetos\",\"isPartOf\":{\"@id\":\"https:\/\/arq.trigger.pt\/en\/#website\"},\"primaryImageOfPage\":{\"@id\":\"https:\/\/arq.trigger.pt\/en\/project\/iluminacao-comercial-led-tabaqueira\/#primaryimage\"},\"image\":{\"@id\":\"https:\/\/arq.trigger.pt\/en\/project\/iluminacao-comercial-led-tabaqueira\/#primaryimage\"},\"thumbnailUrl\":\"https:\/\/arq.trigger.pt\/wp-content\/uploads\/2017\/11\/thumbnail-tabaqueira.jpg\",\"datePublished\":\"2017-11-22T12:21:32+00:00\",\"dateModified\":\"2020-08-24T08:49:11+00:00\",\"description\":\"Projeto de ilumina\u00e7\u00e3o integral a LED com capacidade de gest\u00e3o na Tabaqueira, subsidi\u00e1ria Portuguesa do Philip Morris International. Procedeu-se \u00e0 implementa\u00e7\u00e3o de tecnologia LED na \u00e1rea de tratamento da folha de tabaco. O elevado p\u00e9 direito e o ambiente industrial foram os desafios. | Arquiled\",\"breadcrumb\":{\"@id\":\"https:\/\/arq.trigger.pt\/en\/project\/iluminacao-comercial-led-tabaqueira\/#breadcrumb\"},\"inLanguage\":\"en-US\",\"potentialAction\":[{\"@type\":\"ReadAction\",\"target\":[\"https:\/\/arq.trigger.pt\/en\/project\/iluminacao-comercial-led-tabaqueira\/\"]}]},{\"@type\":\"ImageObject\",\"inLanguage\":\"en-US\",\"@id\":\"https:\/\/arq.trigger.pt\/en\/project\/iluminacao-comercial-led-tabaqueira\/#primaryimage\",\"url\":\"https:\/\/arq.trigger.pt\/wp-content\/uploads\/2017\/11\/thumbnail-tabaqueira.jpg\",\"contentUrl\":\"https:\/\/arq.trigger.pt\/wp-content\/uploads\/2017\/11\/thumbnail-tabaqueira.jpg\",\"width\":600,\"height\":350},{\"@type\":\"BreadcrumbList\",\"@id\":\"https:\/\/arq.trigger.pt\/en\/project\/iluminacao-comercial-led-tabaqueira\/#breadcrumb\",\"itemListElement\":[{\"@type\":\"ListItem\",\"position\":1,\"name\":\"In\u00edcio\",\"item\":\"https:\/\/arq.trigger.pt\/en\/\"},{\"@type\":\"ListItem\",\"position\":2,\"name\":\"Portfolio\",\"item\":\"https:\/\/arq.trigger.pt\/en\/project\/\"},{\"@type\":\"ListItem\",\"position\":3,\"name\":\"Tabaqueira\"}]},{\"@type\":\"WebSite\",\"@id\":\"https:\/\/arq.trigger.pt\/en\/#website\",\"url\":\"https:\/\/arq.trigger.pt\/en\/\",\"name\":\"Arquiled\",\"description\":\"Bright New Future\",\"publisher\":{\"@id\":\"https:\/\/arq.trigger.pt\/en\/#organization\"},\"potentialAction\":[{\"@type\":\"SearchAction\",\"target\":{\"@type\":\"EntryPoint\",\"urlTemplate\":\"https:\/\/arq.trigger.pt\/en\/?s={search_term_string}\"},\"query-input\":{\"@type\":\"PropertyValueSpecification\",\"valueRequired\":true,\"valueName\":\"search_term_string\"}}],\"inLanguage\":\"en-US\"},{\"@type\":\"Organization\",\"@id\":\"https:\/\/arq.trigger.pt\/en\/#organization\",\"name\":\"Arquiled - Bright New Future\",\"url\":\"https:\/\/arq.trigger.pt\/en\/\",\"logo\":{\"@type\":\"ImageObject\",\"inLanguage\":\"en-US\",\"@id\":\"https:\/\/arq.trigger.pt\/en\/#\/schema\/logo\/image\/\",\"url\":\"https:\/\/arq.trigger.pt\/wp-content\/uploads\/2018\/01\/logo-arquiled_retina.png\",\"contentUrl\":\"https:\/\/arq.trigger.pt\/wp-content\/uploads\/2018\/01\/logo-arquiled_retina.png\",\"width\":490,\"height\":144,\"caption\":\"Arquiled - Bright New Future\"},\"image\":{\"@id\":\"https:\/\/arq.trigger.pt\/en\/#\/schema\/logo\/image\/\"},\"sameAs\":[\"https:\/\/www.facebook.com\/arquilediluminacao\",\"https:\/\/www.linkedin.com\/company\/arquiled\/\"]}]}<\/script>\n<!-- \/ Yoast SEO plugin. -->","yoast_head_json":{"title":"Ilumina\u00e7\u00e3o Comercial LED - Tabaqueira | Arquiled - Projetos","description":"Projeto de ilumina\u00e7\u00e3o integral a LED com capacidade de gest\u00e3o na Tabaqueira, subsidi\u00e1ria Portuguesa do Philip Morris International. Procedeu-se \u00e0 implementa\u00e7\u00e3o de tecnologia LED na \u00e1rea de tratamento da folha de tabaco. O elevado p\u00e9 direito e o ambiente industrial foram os desafios. | Arquiled","robots":{"index":"noindex","follow":"follow","max-snippet":"max-snippet:-1","max-image-preview":"max-image-preview:large","max-video-preview":"max-video-preview:-1"},"twitter_card":"summary_large_image","twitter_title":"Ilumina\u00e7\u00e3o Comercial LED - Tabaqueira | Arquiled - Projetos","twitter_description":"Projeto de ilumina\u00e7\u00e3o integral a LED com capacidade de gest\u00e3o na Tabaqueira, subsidi\u00e1ria Portuguesa do Philip Morris International. Procedeu-se \u00e0 implementa\u00e7\u00e3o de tecnologia LED na \u00e1rea de tratamento da folha de tabaco. O elevado p\u00e9 direito e o ambiente industrial foram os desafios. | Arquiled","twitter_image":"https:\/\/arq.trigger.pt\/wp-content\/uploads\/2017\/11\/thumbnail-tabaqueira.jpg","twitter_misc":{"Est. reading time":"2 minutes"},"schema":{"@context":"https:\/\/schema.org","@graph":[{"@type":"WebPage","@id":"https:\/\/arq.trigger.pt\/en\/project\/iluminacao-comercial-led-tabaqueira\/","url":"https:\/\/arq.trigger.pt\/en\/project\/iluminacao-comercial-led-tabaqueira\/","name":"Ilumina\u00e7\u00e3o Comercial LED - Tabaqueira | Arquiled - Projetos","isPartOf":{"@id":"https:\/\/arq.trigger.pt\/en\/#website"},"primaryImageOfPage":{"@id":"https:\/\/arq.trigger.pt\/en\/project\/iluminacao-comercial-led-tabaqueira\/#primaryimage"},"image":{"@id":"https:\/\/arq.trigger.pt\/en\/project\/iluminacao-comercial-led-tabaqueira\/#primaryimage"},"thumbnailUrl":"https:\/\/arq.trigger.pt\/wp-content\/uploads\/2017\/11\/thumbnail-tabaqueira.jpg","datePublished":"2017-11-22T12:21:32+00:00","dateModified":"2020-08-24T08:49:11+00:00","description":"Projeto de ilumina\u00e7\u00e3o integral a LED com capacidade de gest\u00e3o na Tabaqueira, subsidi\u00e1ria Portuguesa do Philip Morris International. Procedeu-se \u00e0 implementa\u00e7\u00e3o de tecnologia LED na \u00e1rea de tratamento da folha de tabaco. O elevado p\u00e9 direito e o ambiente industrial foram os desafios. | Arquiled","breadcrumb":{"@id":"https:\/\/arq.trigger.pt\/en\/project\/iluminacao-comercial-led-tabaqueira\/#breadcrumb"},"inLanguage":"en-US","potentialAction":[{"@type":"ReadAction","target":["https:\/\/arq.trigger.pt\/en\/project\/iluminacao-comercial-led-tabaqueira\/"]}]},{"@type":"ImageObject","inLanguage":"en-US","@id":"https:\/\/arq.trigger.pt\/en\/project\/iluminacao-comercial-led-tabaqueira\/#primaryimage","url":"https:\/\/arq.trigger.pt\/wp-content\/uploads\/2017\/11\/thumbnail-tabaqueira.jpg","contentUrl":"https:\/\/arq.trigger.pt\/wp-content\/uploads\/2017\/11\/thumbnail-tabaqueira.jpg","width":600,"height":350},{"@type":"BreadcrumbList","@id":"https:\/\/arq.trigger.pt\/en\/project\/iluminacao-comercial-led-tabaqueira\/#breadcrumb","itemListElement":[{"@type":"ListItem","position":1,"name":"In\u00edcio","item":"https:\/\/arq.trigger.pt\/en\/"},{"@type":"ListItem","position":2,"name":"Portfolio","item":"https:\/\/arq.trigger.pt\/en\/project\/"},{"@type":"ListItem","position":3,"name":"Tabaqueira"}]},{"@type":"WebSite","@id":"https:\/\/arq.trigger.pt\/en\/#website","url":"https:\/\/arq.trigger.pt\/en\/","name":"Arquiled","description":"Bright New Future","publisher":{"@id":"https:\/\/arq.trigger.pt\/en\/#organization"},"potentialAction":[{"@type":"SearchAction","target":{"@type":"EntryPoint","urlTemplate":"https:\/\/arq.trigger.pt\/en\/?s={search_term_string}"},"query-input":{"@type":"PropertyValueSpecification","valueRequired":true,"valueName":"search_term_string"}}],"inLanguage":"en-US"},{"@type":"Organization","@id":"https:\/\/arq.trigger.pt\/en\/#organization","name":"Arquiled - Bright New Future","url":"https:\/\/arq.trigger.pt\/en\/","logo":{"@type":"ImageObject","inLanguage":"en-US","@id":"https:\/\/arq.trigger.pt\/en\/#\/schema\/logo\/image\/","url":"https:\/\/arq.trigger.pt\/wp-content\/uploads\/2018\/01\/logo-arquiled_retina.png","contentUrl":"https:\/\/arq.trigger.pt\/wp-content\/uploads\/2018\/01\/logo-arquiled_retina.png","width":490,"height":144,"caption":"Arquiled - Bright New Future"},"image":{"@id":"https:\/\/arq.trigger.pt\/en\/#\/schema\/logo\/image\/"},"sameAs":["https:\/\/www.facebook.com\/arquilediluminacao","https:\/\/www.linkedin.com\/company\/arquiled\/"]}]}},"_links":{"self":[{"href":"https:\/\/arq.trigger.pt\/en\/wp-json\/wp\/v2\/dt_portfolio\/58019","targetHints":{"allow":["GET"]}}],"collection":[{"href":"https:\/\/arq.trigger.pt\/en\/wp-json\/wp\/v2\/dt_portfolio"}],"about":[{"href":"https:\/\/arq.trigger.pt\/en\/wp-json\/wp\/v2\/types\/dt_portfolio"}],"author":[{"embeddable":true,"href":"https:\/\/arq.trigger.pt\/en\/wp-json\/wp\/v2\/users\/6"}],"replies":[{"embeddable":true,"href":"https:\/\/arq.trigger.pt\/en\/wp-json\/wp\/v2\/comments?post=58019"}],"version-history":[{"count":0,"href":"https:\/\/arq.trigger.pt\/en\/wp-json\/wp\/v2\/dt_portfolio\/58019\/revisions"}],"wp:featuredmedia":[{"embeddable":true,"href":"https:\/\/arq.trigger.pt\/en\/wp-json\/wp\/v2\/media\/57261"}],"wp:attachment":[{"href":"https:\/\/arq.trigger.pt\/en\/wp-json\/wp\/v2\/media?parent=58019"}],"wp:term":[{"taxonomy":"dt_portfolio_category","embeddable":true,"href":"https:\/\/arq.trigger.pt\/en\/wp-json\/wp\/v2\/dt_portfolio_category?post=58019"},{"taxonomy":"dt_portfolio_tags","embeddable":true,"href":"https:\/\/arq.trigger.pt\/en\/wp-json\/wp\/v2\/dt_portfolio_tags?post=58019"}],"curies":[{"name":"wp","href":"https:\/\/api.w.org\/{rel}","templated":true}]}}