{"id":59132,"date":"2017-11-22T11:55:16","date_gmt":"2017-11-22T11:55:16","guid":{"rendered":"https:\/\/arq.trigger.pt\/projeto\/alumbrado-publico-led-evora-inovcity\/"},"modified":"2022-04-21T12:13:11","modified_gmt":"2022-04-21T12:13:11","slug":"alumbrado-publico-led-evora-inovcity","status":"publish","type":"dt_portfolio","link":"https:\/\/arq.trigger.pt\/es-CO\/proyecto\/alumbrado-publico-led-evora-inovcity\/","title":{"rendered":"\u00c9vora &#8211; InovCity"},"content":{"rendered":"<div class=\"wpb-content-wrapper\"><p>[vc_row][vc_column]<div id=\"ultimate-heading-486169ec7e17ea7a2\" class=\"uvc-heading ult-adjust-bottom-margin ultimate-heading-486169ec7e17ea7a2 uvc-5092 \" data-hspacer=\"line_only\"  data-halign=\"left\" style=\"text-align:left\"><div class=\"uvc-main-heading ult-responsive\"  data-ultimate-target='.uvc-heading.ultimate-heading-486169ec7e17ea7a2 h1'  data-responsive-json-new='{\"font-size\":\"desktop:30px;\",\"line-height\":\"desktop:40px;\"}' ><h1 style=\"font-weight:700;margin-bottom:10px;\">\u00c9VORA, LA PRIMERA SMART CITY PORTUGUESA<\/h1><\/div><div class=\"uvc-heading-spacer line_only\" style=\"margin-bottom:30px;height:3px;\"><span class=\"uvc-headings-line\" style=\"border-style:solid;border-bottom-width:3px;border-color:#da2128;width:200px;\"><\/span><\/div><div class=\"uvc-sub-heading ult-responsive\"  data-ultimate-target='.uvc-heading.ultimate-heading-486169ec7e17ea7a2 .uvc-sub-heading '  data-responsive-json-new='{\"font-size\":\"desktop:20px;\",\"line-height\":\"desktop:30px;\"}'  style=\"font-family:&#039;Roboto&#039;;font-weight:bold;color:#333333;margin-bottom:10px;\">Sistema inteligente de alumbrado p\u00fablico, pionero en la Pen\u00ednsula Ib\u00e9rica y en Europa<\/div><\/div>[vc_row_inner css=&#8221;.vc_custom_1509114588078{margin-top: 30px !important;}&#8221;][vc_column_inner width=&#8221;1\/3&#8243; css=&#8221;.vc_custom_1511196402503{margin-right: -30px !important;}&#8221;]<div class=\"standard-arrow list-divider bullet-top\"><ul>\n<li>Fecha: <strong>2010<\/strong><\/li>\n<li>Tipolog\u00eda: <strong>Alumbrado P\u00fablico<\/strong><\/li>\n<\/ul>\n<\/div>[vc_empty_space height=&#8221;20px&#8221;]<style type=\"text\/css\" data-type=\"the7_shortcodes-inline-css\">#default-btn-17cc1da7db34e626fd53272e4d34df04.ico-right-side > i {\n  margin-right: 0px;\n  margin-left: 8px;\n}\n#default-btn-17cc1da7db34e626fd53272e4d34df04 > i {\n  margin-right: 8px;\n}\n<\/style><div class=\"btn-align-center\"><a href=\"https:\/\/www.arquiled.com\/wp-content\/uploads\/2022\/04\/ARQUILED-CASE-STUDY-IP-EVORA-2010_ES.pdf\" class=\"default-btn-shortcode dt-btn dt-btn-m link-hover-off full-width-btn \" target=\"_blank\" id=\"default-btn-17cc1da7db34e626fd53272e4d34df04\" rel=\"noopener\"><i class=\"fa fa-download\"><\/i><span>DESCARGAR PROYECTO (pdf)<\/span><\/a><\/div>[\/vc_column_inner][vc_column_inner width=&#8221;2\/3&#8243;][vc_column_text]En pleno siglo XXI, el mundo procura nuevas formas de reducir el consumo energ\u00e9tico. El futuro del planeta depende de nuestra capacidad de cambiar a patrones de vida m\u00e1s sostenibles y que consuman menos recursos<\/p>\n<p>En este \u00e1mbito, EDP Distribuci\u00f3n cre\u00f3 el concepto InovCity, la ciudad inteligente (Smart City). La ciudad de \u00c9vora fue escogida como pionera de este proyecto que cont\u00f3 con la participaci\u00f3n de ARQUILED en el \u00e1mbito del Alumbrado P\u00fablico.<\/p>\n<p>ARQUILED dise\u00f1\u00f3 una soluci\u00f3n que establece el equilibrio entre las varias caracter\u00edsticas de iluminaci\u00f3n, fue desarrollado un m\u00f3dulo LED con tecnolog\u00eda inteligente y comunicaci\u00f3n de red con el sistema Arquigest, capaz de substituir la tecnolog\u00eda convencional manteniendo las luminarias que forman parte del patrimonio hist\u00f3rico de \u00c9vora.<\/p>\n<p>Por otro lado, la Regulaci\u00f3n de Flujo Luminoso (RFL) con sensores de presencia que permiten disminuir el nivel de iluminaci\u00f3n en periodos nocturnos de menor actividad y sin riesgo de p\u00e9rdida de las cualidades funcionales y de seguridad.[\/vc_column_text][\/vc_column_inner][\/vc_row_inner][\/vc_column][\/vc_row]<\/p>\n<\/div>","protected":false},"excerpt":{"rendered":"<p>Sistema inteligente de alumbrado p\u00fablico, pionero en la Pen\u00ednsula Ib\u00e9rica y en Europa<\/p>\n","protected":false},"author":13,"featured_media":58781,"comment_status":"closed","ping_status":"closed","template":"","dt_portfolio_category":[520,528],"dt_portfolio_tags":[],"class_list":["post-59132","dt_portfolio","type-dt_portfolio","status-publish","has-post-thumbnail","hentry","dt_portfolio_category-alumbrado-publico-es-co","dt_portfolio_category-projetos-sisges-es-co","dt_portfolio_category-520","dt_portfolio_category-528","description-off"],"acf":[],"yoast_head":"<!-- This site is optimized with the Yoast SEO plugin v26.1 - https:\/\/yoast.com\/wordpress\/plugins\/seo\/ -->\n<title>Alumbrado P\u00fablico LED - \u00c9vora InovCity, Smart City | Arquiled Colombia<\/title>\n<meta name=\"description\" content=\"Sistema inteligente de alumbrado p\u00fablico pionero en Europa. Arquiled dise\u00f1\u00f3 un m\u00f3dulo LED con tecnolog\u00eda inteligente, capaz de substituir la tecnolog\u00eda convencional manteniendo las luminarias hist\u00f3ricas. La instalaci\u00f3n incluy\u00f3 Regulaci\u00f3n de Flujo con sensores que permiten disminuir la intensidad de luz en per\u00edodos de menor actividad. | Arquiled Colombia\" \/>\n<meta name=\"robots\" content=\"noindex, follow, max-snippet:-1, max-image-preview:large, max-video-preview:-1\" \/>\n<meta name=\"twitter:card\" content=\"summary_large_image\" \/>\n<meta name=\"twitter:title\" content=\"Alumbrado P\u00fablico LED - \u00c9vora InovCity, Smart City | Arquiled Colombia\" \/>\n<meta name=\"twitter:description\" content=\"Sistema inteligente de alumbrado p\u00fablico pionero en Europa. Arquiled dise\u00f1\u00f3 un m\u00f3dulo LED con tecnolog\u00eda inteligente, capaz de substituir la tecnolog\u00eda convencional manteniendo las luminarias hist\u00f3ricas. La instalaci\u00f3n incluy\u00f3 Regulaci\u00f3n de Flujo con sensores que permiten disminuir la intensidad de luz en per\u00edodos de menor actividad. | Arquiled Colombia\" \/>\n<meta name=\"twitter:image\" content=\"https:\/\/arq.trigger.pt\/wp-content\/uploads\/2017\/11\/Destaque-2.png\" \/>\n<meta name=\"twitter:label1\" content=\"Tiempo de lectura\" \/>\n\t<meta name=\"twitter:data1\" content=\"2 minutos\" \/>\n<script type=\"application\/ld+json\" class=\"yoast-schema-graph\">{\"@context\":\"https:\/\/schema.org\",\"@graph\":[{\"@type\":\"WebPage\",\"@id\":\"https:\/\/arq.trigger.pt\/es-CO\/proyecto\/alumbrado-publico-led-evora-inovcity\/\",\"url\":\"https:\/\/arq.trigger.pt\/es-CO\/proyecto\/alumbrado-publico-led-evora-inovcity\/\",\"name\":\"Alumbrado P\u00fablico LED - \u00c9vora InovCity, Smart City | Arquiled Colombia\",\"isPartOf\":{\"@id\":\"https:\/\/arq.trigger.pt\/es-CO\/#website\"},\"primaryImageOfPage\":{\"@id\":\"https:\/\/arq.trigger.pt\/es-CO\/proyecto\/alumbrado-publico-led-evora-inovcity\/#primaryimage\"},\"image\":{\"@id\":\"https:\/\/arq.trigger.pt\/es-CO\/proyecto\/alumbrado-publico-led-evora-inovcity\/#primaryimage\"},\"thumbnailUrl\":\"https:\/\/arq.trigger.pt\/wp-content\/uploads\/2017\/11\/Destaque-2.png\",\"datePublished\":\"2017-11-22T11:55:16+00:00\",\"dateModified\":\"2022-04-21T12:13:11+00:00\",\"description\":\"Sistema inteligente de alumbrado p\u00fablico pionero en Europa. Arquiled dise\u00f1\u00f3 un m\u00f3dulo LED con tecnolog\u00eda inteligente, capaz de substituir la tecnolog\u00eda convencional manteniendo las luminarias hist\u00f3ricas. La instalaci\u00f3n incluy\u00f3 Regulaci\u00f3n de Flujo con sensores que permiten disminuir la intensidad de luz en per\u00edodos de menor actividad. | Arquiled Colombia\",\"breadcrumb\":{\"@id\":\"https:\/\/arq.trigger.pt\/es-CO\/proyecto\/alumbrado-publico-led-evora-inovcity\/#breadcrumb\"},\"inLanguage\":\"es-CO\",\"potentialAction\":[{\"@type\":\"ReadAction\",\"target\":[\"https:\/\/arq.trigger.pt\/es-CO\/proyecto\/alumbrado-publico-led-evora-inovcity\/\"]}]},{\"@type\":\"ImageObject\",\"inLanguage\":\"es-CO\",\"@id\":\"https:\/\/arq.trigger.pt\/es-CO\/proyecto\/alumbrado-publico-led-evora-inovcity\/#primaryimage\",\"url\":\"https:\/\/arq.trigger.pt\/wp-content\/uploads\/2017\/11\/Destaque-2.png\",\"contentUrl\":\"https:\/\/arq.trigger.pt\/wp-content\/uploads\/2017\/11\/Destaque-2.png\",\"width\":600,\"height\":350},{\"@type\":\"BreadcrumbList\",\"@id\":\"https:\/\/arq.trigger.pt\/es-CO\/proyecto\/alumbrado-publico-led-evora-inovcity\/#breadcrumb\",\"itemListElement\":[{\"@type\":\"ListItem\",\"position\":1,\"name\":\"In\u00edcio\",\"item\":\"https:\/\/arq.trigger.pt\/es-CO\/\"},{\"@type\":\"ListItem\",\"position\":2,\"name\":\"Portfolio\",\"item\":\"https:\/\/arq.trigger.pt\/es-CO\/proyecto\/\"},{\"@type\":\"ListItem\",\"position\":3,\"name\":\"\u00c9vora &#8211; InovCity\"}]},{\"@type\":\"WebSite\",\"@id\":\"https:\/\/arq.trigger.pt\/es-CO\/#website\",\"url\":\"https:\/\/arq.trigger.pt\/es-CO\/\",\"name\":\"Arquiled\",\"description\":\"Bright New Future\",\"publisher\":{\"@id\":\"https:\/\/arq.trigger.pt\/es-CO\/#organization\"},\"potentialAction\":[{\"@type\":\"SearchAction\",\"target\":{\"@type\":\"EntryPoint\",\"urlTemplate\":\"https:\/\/arq.trigger.pt\/es-CO\/?s={search_term_string}\"},\"query-input\":{\"@type\":\"PropertyValueSpecification\",\"valueRequired\":true,\"valueName\":\"search_term_string\"}}],\"inLanguage\":\"es-CO\"},{\"@type\":\"Organization\",\"@id\":\"https:\/\/arq.trigger.pt\/es-CO\/#organization\",\"name\":\"Arquiled - Bright New Future\",\"url\":\"https:\/\/arq.trigger.pt\/es-CO\/\",\"logo\":{\"@type\":\"ImageObject\",\"inLanguage\":\"es-CO\",\"@id\":\"https:\/\/arq.trigger.pt\/es-CO\/#\/schema\/logo\/image\/\",\"url\":\"https:\/\/arq.trigger.pt\/wp-content\/uploads\/2018\/01\/logo-arquiled_retina.png\",\"contentUrl\":\"https:\/\/arq.trigger.pt\/wp-content\/uploads\/2018\/01\/logo-arquiled_retina.png\",\"width\":490,\"height\":144,\"caption\":\"Arquiled - Bright New Future\"},\"image\":{\"@id\":\"https:\/\/arq.trigger.pt\/es-CO\/#\/schema\/logo\/image\/\"},\"sameAs\":[\"https:\/\/www.facebook.com\/arquilediluminacao\",\"https:\/\/www.linkedin.com\/company\/arquiled\/\"]}]}<\/script>\n<!-- \/ Yoast SEO plugin. -->","yoast_head_json":{"title":"Alumbrado P\u00fablico LED - \u00c9vora InovCity, Smart City | Arquiled Colombia","description":"Sistema inteligente de alumbrado p\u00fablico pionero en Europa. Arquiled dise\u00f1\u00f3 un m\u00f3dulo LED con tecnolog\u00eda inteligente, capaz de substituir la tecnolog\u00eda convencional manteniendo las luminarias hist\u00f3ricas. La instalaci\u00f3n incluy\u00f3 Regulaci\u00f3n de Flujo con sensores que permiten disminuir la intensidad de luz en per\u00edodos de menor actividad. | Arquiled Colombia","robots":{"index":"noindex","follow":"follow","max-snippet":"max-snippet:-1","max-image-preview":"max-image-preview:large","max-video-preview":"max-video-preview:-1"},"twitter_card":"summary_large_image","twitter_title":"Alumbrado P\u00fablico LED - \u00c9vora InovCity, Smart City | Arquiled Colombia","twitter_description":"Sistema inteligente de alumbrado p\u00fablico pionero en Europa. Arquiled dise\u00f1\u00f3 un m\u00f3dulo LED con tecnolog\u00eda inteligente, capaz de substituir la tecnolog\u00eda convencional manteniendo las luminarias hist\u00f3ricas. La instalaci\u00f3n incluy\u00f3 Regulaci\u00f3n de Flujo con sensores que permiten disminuir la intensidad de luz en per\u00edodos de menor actividad. | Arquiled Colombia","twitter_image":"https:\/\/arq.trigger.pt\/wp-content\/uploads\/2017\/11\/Destaque-2.png","twitter_misc":{"Tiempo de lectura":"2 minutos"},"schema":{"@context":"https:\/\/schema.org","@graph":[{"@type":"WebPage","@id":"https:\/\/arq.trigger.pt\/es-CO\/proyecto\/alumbrado-publico-led-evora-inovcity\/","url":"https:\/\/arq.trigger.pt\/es-CO\/proyecto\/alumbrado-publico-led-evora-inovcity\/","name":"Alumbrado P\u00fablico LED - \u00c9vora InovCity, Smart City | Arquiled Colombia","isPartOf":{"@id":"https:\/\/arq.trigger.pt\/es-CO\/#website"},"primaryImageOfPage":{"@id":"https:\/\/arq.trigger.pt\/es-CO\/proyecto\/alumbrado-publico-led-evora-inovcity\/#primaryimage"},"image":{"@id":"https:\/\/arq.trigger.pt\/es-CO\/proyecto\/alumbrado-publico-led-evora-inovcity\/#primaryimage"},"thumbnailUrl":"https:\/\/arq.trigger.pt\/wp-content\/uploads\/2017\/11\/Destaque-2.png","datePublished":"2017-11-22T11:55:16+00:00","dateModified":"2022-04-21T12:13:11+00:00","description":"Sistema inteligente de alumbrado p\u00fablico pionero en Europa. Arquiled dise\u00f1\u00f3 un m\u00f3dulo LED con tecnolog\u00eda inteligente, capaz de substituir la tecnolog\u00eda convencional manteniendo las luminarias hist\u00f3ricas. La instalaci\u00f3n incluy\u00f3 Regulaci\u00f3n de Flujo con sensores que permiten disminuir la intensidad de luz en per\u00edodos de menor actividad. | Arquiled Colombia","breadcrumb":{"@id":"https:\/\/arq.trigger.pt\/es-CO\/proyecto\/alumbrado-publico-led-evora-inovcity\/#breadcrumb"},"inLanguage":"es-CO","potentialAction":[{"@type":"ReadAction","target":["https:\/\/arq.trigger.pt\/es-CO\/proyecto\/alumbrado-publico-led-evora-inovcity\/"]}]},{"@type":"ImageObject","inLanguage":"es-CO","@id":"https:\/\/arq.trigger.pt\/es-CO\/proyecto\/alumbrado-publico-led-evora-inovcity\/#primaryimage","url":"https:\/\/arq.trigger.pt\/wp-content\/uploads\/2017\/11\/Destaque-2.png","contentUrl":"https:\/\/arq.trigger.pt\/wp-content\/uploads\/2017\/11\/Destaque-2.png","width":600,"height":350},{"@type":"BreadcrumbList","@id":"https:\/\/arq.trigger.pt\/es-CO\/proyecto\/alumbrado-publico-led-evora-inovcity\/#breadcrumb","itemListElement":[{"@type":"ListItem","position":1,"name":"In\u00edcio","item":"https:\/\/arq.trigger.pt\/es-CO\/"},{"@type":"ListItem","position":2,"name":"Portfolio","item":"https:\/\/arq.trigger.pt\/es-CO\/proyecto\/"},{"@type":"ListItem","position":3,"name":"\u00c9vora &#8211; InovCity"}]},{"@type":"WebSite","@id":"https:\/\/arq.trigger.pt\/es-CO\/#website","url":"https:\/\/arq.trigger.pt\/es-CO\/","name":"Arquiled","description":"Bright New Future","publisher":{"@id":"https:\/\/arq.trigger.pt\/es-CO\/#organization"},"potentialAction":[{"@type":"SearchAction","target":{"@type":"EntryPoint","urlTemplate":"https:\/\/arq.trigger.pt\/es-CO\/?s={search_term_string}"},"query-input":{"@type":"PropertyValueSpecification","valueRequired":true,"valueName":"search_term_string"}}],"inLanguage":"es-CO"},{"@type":"Organization","@id":"https:\/\/arq.trigger.pt\/es-CO\/#organization","name":"Arquiled - Bright New Future","url":"https:\/\/arq.trigger.pt\/es-CO\/","logo":{"@type":"ImageObject","inLanguage":"es-CO","@id":"https:\/\/arq.trigger.pt\/es-CO\/#\/schema\/logo\/image\/","url":"https:\/\/arq.trigger.pt\/wp-content\/uploads\/2018\/01\/logo-arquiled_retina.png","contentUrl":"https:\/\/arq.trigger.pt\/wp-content\/uploads\/2018\/01\/logo-arquiled_retina.png","width":490,"height":144,"caption":"Arquiled - Bright New Future"},"image":{"@id":"https:\/\/arq.trigger.pt\/es-CO\/#\/schema\/logo\/image\/"},"sameAs":["https:\/\/www.facebook.com\/arquilediluminacao","https:\/\/www.linkedin.com\/company\/arquiled\/"]}]}},"_links":{"self":[{"href":"https:\/\/arq.trigger.pt\/es-CO\/wp-json\/wp\/v2\/dt_portfolio\/59132","targetHints":{"allow":["GET"]}}],"collection":[{"href":"https:\/\/arq.trigger.pt\/es-CO\/wp-json\/wp\/v2\/dt_portfolio"}],"about":[{"href":"https:\/\/arq.trigger.pt\/es-CO\/wp-json\/wp\/v2\/types\/dt_portfolio"}],"author":[{"embeddable":true,"href":"https:\/\/arq.trigger.pt\/es-CO\/wp-json\/wp\/v2\/users\/13"}],"replies":[{"embeddable":true,"href":"https:\/\/arq.trigger.pt\/es-CO\/wp-json\/wp\/v2\/comments?post=59132"}],"version-history":[{"count":0,"href":"https:\/\/arq.trigger.pt\/es-CO\/wp-json\/wp\/v2\/dt_portfolio\/59132\/revisions"}],"wp:featuredmedia":[{"embeddable":true,"href":"https:\/\/arq.trigger.pt\/es-CO\/wp-json\/wp\/v2\/media\/58781"}],"wp:attachment":[{"href":"https:\/\/arq.trigger.pt\/es-CO\/wp-json\/wp\/v2\/media?parent=59132"}],"wp:term":[{"taxonomy":"dt_portfolio_category","embeddable":true,"href":"https:\/\/arq.trigger.pt\/es-CO\/wp-json\/wp\/v2\/dt_portfolio_category?post=59132"},{"taxonomy":"dt_portfolio_tags","embeddable":true,"href":"https:\/\/arq.trigger.pt\/es-CO\/wp-json\/wp\/v2\/dt_portfolio_tags?post=59132"}],"curies":[{"name":"wp","href":"https:\/\/api.w.org\/{rel}","templated":true}]}}