{"id":68632,"date":"2021-09-30T16:30:53","date_gmt":"2021-09-30T16:30:53","guid":{"rendered":"https:\/\/arq.trigger.pt\/?post_type=dt_portfolio&#038;p=68632"},"modified":"2023-07-24T12:10:36","modified_gmt":"2023-07-24T12:10:36","slug":"iluminacao-publica-led-parque-canino-cascais","status":"publish","type":"dt_portfolio","link":"https:\/\/arq.trigger.pt\/es-CO\/proyecto\/iluminacao-publica-led-parque-canino-cascais\/","title":{"rendered":"Espacio Verde Urbano, Estoril"},"content":{"rendered":"<div class=\"wpb-content-wrapper\"><p>[vc_row][vc_column]<div id=\"ultimate-heading-437269ec7e4a3e417\" class=\"uvc-heading ult-adjust-bottom-margin ultimate-heading-437269ec7e4a3e417 uvc-8137 \" data-hspacer=\"line_only\"  data-halign=\"left\" style=\"text-align:left\"><div class=\"uvc-main-heading ult-responsive\"  data-ultimate-target='.uvc-heading.ultimate-heading-437269ec7e4a3e417 h1'  data-responsive-json-new='{\"font-size\":\"desktop:30px;\",\"line-height\":\"desktop:40px;\"}' ><h1 style=\"font-weight:700;margin-bottom:10px;\">ESPACIO VERDE URBANO - ESTORIL, CASCAIS<\/h1><\/div><div class=\"uvc-heading-spacer line_only\" style=\"margin-bottom:30px;height:3px;\"><span class=\"uvc-headings-line\" style=\"border-style:solid;border-bottom-width:3px;border-color:#da2128;width:200px;\"><\/span><\/div><div class=\"uvc-sub-heading ult-responsive\"  data-ultimate-target='.uvc-heading.ultimate-heading-437269ec7e4a3e417 .uvc-sub-heading '  data-responsive-json-new='{\"font-size\":\"desktop:20px;\",\"line-height\":\"desktop:30px;\"}'  style=\"font-family:&#039;Roboto&#039;;font-weight:bold;color:#333333;margin-bottom:10px;\"><\/p>\n<div data-pm-slice=\"1 1 []\" data-en-clipboard=\"true\">\n<div data-pm-slice=\"1 1 []\" data-en-clipboard=\"true\">\n<p>Parque para perros y jard\u00edn comunitario en Amoreira \u2013 Estoril<\/p>\n<p>&nbsp;<\/p>\n<\/div>\n<\/div>\n<p><\/div><\/div>[vc_row_inner css=&#8221;.vc_custom_1509114588078{margin-top: 30px !important;}&#8221;][vc_column_inner width=&#8221;1\/3&#8243; css=&#8221;.vc_custom_1511196402503{margin-right: -30px !important;}&#8221;]<div class=\"standard-arrow list-divider bullet-top\"><ul>\n<li>Fecha: <strong>2017<\/strong><\/li>\n<li>Tipolog\u00eda: <strong>Alumbrado P\u00fablico<\/strong><\/li>\n<\/ul>\n<\/div>[\/vc_column_inner][vc_column_inner width=&#8221;2\/3&#8243;][vc_column_text]Un nuevo espacio verde hecho desde cero para incluir un parque para perros, zona de ocio y huertas comunitarias, y que est\u00e1 tambi\u00e9n equipado con infraestructuras de apoyo, como bancos de parque, sombra, fuentes de agua potable e iluminaci\u00f3n, que invitan al paseo y al ocio.<\/p>\n<p>El Parque Canino y Huerta Comunitaria de Amoreira contribuy\u00f3 a revitalizar esta zona de Cascais. Arquiled est\u00e1 presente con la luminaria <a href=\"\/es-CO\/producto\/iluminacion-publica-led-sculptor-100-200\/\">SCULPTOR 100<\/a>, contribuyendo asi a la valorizaci\u00f3n del espacio por la excelente calidad de la luz y la alta eficacia luminosa que la caracterizan.<\/p>\n<p>El Ayuntamiento de Cascais viene invirtiendo en un desarrollo sostenible que garantice la satisfacci\u00f3n de las necesidades humanas a nivel econ\u00f3mico y social, pero respetando siempre los l\u00edmites ecol\u00f3gicos del planeta.[\/vc_column_text][\/vc_column_inner][\/vc_row_inner][\/vc_column][\/vc_row]<\/p>\n<\/div>","protected":false},"excerpt":{"rendered":"<p>Un nuevo espacio verde en Estoril, iluminado pela eficiente luminaria SCULPTOR 100.<\/p>\n","protected":false},"author":13,"featured_media":68754,"comment_status":"closed","ping_status":"closed","template":"","dt_portfolio_category":[520],"dt_portfolio_tags":[],"class_list":["post-68632","dt_portfolio","type-dt_portfolio","status-publish","has-post-thumbnail","hentry","dt_portfolio_category-alumbrado-publico-es-co","dt_portfolio_category-520","description-off"],"acf":[],"yoast_head":"<!-- This site is optimized with the Yoast SEO plugin v26.1 - https:\/\/yoast.com\/wordpress\/plugins\/seo\/ -->\n<title>Alumbrado P\u00fablico LED - Parque Canino y Huerta Comunitaria | Estoril<\/title>\n<meta name=\"description\" content=\"Un nuevo espacio verde con parque para perros, \u00e1rea de recreaci\u00f3n y huertas comunitarias, iluminado pela eficiente luminaria SCULPTOR 100.\" \/>\n<meta name=\"robots\" content=\"noindex, follow, max-snippet:-1, max-image-preview:large, max-video-preview:-1\" \/>\n<meta name=\"twitter:card\" content=\"summary_large_image\" \/>\n<meta name=\"twitter:title\" content=\"Alumbrado P\u00fablico LED - Parque Canino y Huerta Comunitaria | Estoril\" \/>\n<meta name=\"twitter:description\" content=\"Un nuevo espacio verde con parque para perros, \u00e1rea de recreaci\u00f3n y huertas comunitarias, iluminado pela eficiente luminaria SCULPTOR 100.\" \/>\n<meta name=\"twitter:image\" content=\"https:\/\/arq.trigger.pt\/wp-content\/uploads\/2021\/09\/Arquiled-Projeto-Cover-Amoreira-1.jpg\" \/>\n<meta name=\"twitter:label1\" content=\"Tiempo de lectura\" \/>\n\t<meta name=\"twitter:data1\" content=\"1 minuto\" \/>\n<script type=\"application\/ld+json\" class=\"yoast-schema-graph\">{\"@context\":\"https:\/\/schema.org\",\"@graph\":[{\"@type\":\"WebPage\",\"@id\":\"https:\/\/arq.trigger.pt\/es-CO\/proyecto\/iluminacao-publica-led-parque-canino-cascais\/\",\"url\":\"https:\/\/arq.trigger.pt\/es-CO\/proyecto\/iluminacao-publica-led-parque-canino-cascais\/\",\"name\":\"Alumbrado P\u00fablico LED - Parque Canino y Huerta Comunitaria | Estoril\",\"isPartOf\":{\"@id\":\"https:\/\/arq.trigger.pt\/es-CO\/#website\"},\"primaryImageOfPage\":{\"@id\":\"https:\/\/arq.trigger.pt\/es-CO\/proyecto\/iluminacao-publica-led-parque-canino-cascais\/#primaryimage\"},\"image\":{\"@id\":\"https:\/\/arq.trigger.pt\/es-CO\/proyecto\/iluminacao-publica-led-parque-canino-cascais\/#primaryimage\"},\"thumbnailUrl\":\"https:\/\/arq.trigger.pt\/wp-content\/uploads\/2021\/09\/Arquiled-Projeto-Cover-Amoreira-1.jpg\",\"datePublished\":\"2021-09-30T16:30:53+00:00\",\"dateModified\":\"2023-07-24T12:10:36+00:00\",\"description\":\"Un nuevo espacio verde con parque para perros, \u00e1rea de recreaci\u00f3n y huertas comunitarias, iluminado pela eficiente luminaria SCULPTOR 100.\",\"breadcrumb\":{\"@id\":\"https:\/\/arq.trigger.pt\/es-CO\/proyecto\/iluminacao-publica-led-parque-canino-cascais\/#breadcrumb\"},\"inLanguage\":\"es-CO\",\"potentialAction\":[{\"@type\":\"ReadAction\",\"target\":[\"https:\/\/arq.trigger.pt\/es-CO\/proyecto\/iluminacao-publica-led-parque-canino-cascais\/\"]}]},{\"@type\":\"ImageObject\",\"inLanguage\":\"es-CO\",\"@id\":\"https:\/\/arq.trigger.pt\/es-CO\/proyecto\/iluminacao-publica-led-parque-canino-cascais\/#primaryimage\",\"url\":\"https:\/\/arq.trigger.pt\/wp-content\/uploads\/2021\/09\/Arquiled-Projeto-Cover-Amoreira-1.jpg\",\"contentUrl\":\"https:\/\/arq.trigger.pt\/wp-content\/uploads\/2021\/09\/Arquiled-Projeto-Cover-Amoreira-1.jpg\",\"width\":600,\"height\":350,\"caption\":\"Arquiled Ilumina\u00e7\u00e3o P\u00fablica LED - Projeto - Parque Urbano Outeiro da Vela - Amoreiras\"},{\"@type\":\"BreadcrumbList\",\"@id\":\"https:\/\/arq.trigger.pt\/es-CO\/proyecto\/iluminacao-publica-led-parque-canino-cascais\/#breadcrumb\",\"itemListElement\":[{\"@type\":\"ListItem\",\"position\":1,\"name\":\"In\u00edcio\",\"item\":\"https:\/\/arq.trigger.pt\/es-CO\/\"},{\"@type\":\"ListItem\",\"position\":2,\"name\":\"Portfolio\",\"item\":\"https:\/\/arq.trigger.pt\/es-CO\/proyecto\/\"},{\"@type\":\"ListItem\",\"position\":3,\"name\":\"Espacio Verde Urbano, Estoril\"}]},{\"@type\":\"WebSite\",\"@id\":\"https:\/\/arq.trigger.pt\/es-CO\/#website\",\"url\":\"https:\/\/arq.trigger.pt\/es-CO\/\",\"name\":\"Arquiled\",\"description\":\"Bright New Future\",\"publisher\":{\"@id\":\"https:\/\/arq.trigger.pt\/es-CO\/#organization\"},\"potentialAction\":[{\"@type\":\"SearchAction\",\"target\":{\"@type\":\"EntryPoint\",\"urlTemplate\":\"https:\/\/arq.trigger.pt\/es-CO\/?s={search_term_string}\"},\"query-input\":{\"@type\":\"PropertyValueSpecification\",\"valueRequired\":true,\"valueName\":\"search_term_string\"}}],\"inLanguage\":\"es-CO\"},{\"@type\":\"Organization\",\"@id\":\"https:\/\/arq.trigger.pt\/es-CO\/#organization\",\"name\":\"Arquiled - Bright New Future\",\"url\":\"https:\/\/arq.trigger.pt\/es-CO\/\",\"logo\":{\"@type\":\"ImageObject\",\"inLanguage\":\"es-CO\",\"@id\":\"https:\/\/arq.trigger.pt\/es-CO\/#\/schema\/logo\/image\/\",\"url\":\"https:\/\/arq.trigger.pt\/wp-content\/uploads\/2018\/01\/logo-arquiled_retina.png\",\"contentUrl\":\"https:\/\/arq.trigger.pt\/wp-content\/uploads\/2018\/01\/logo-arquiled_retina.png\",\"width\":490,\"height\":144,\"caption\":\"Arquiled - Bright New Future\"},\"image\":{\"@id\":\"https:\/\/arq.trigger.pt\/es-CO\/#\/schema\/logo\/image\/\"},\"sameAs\":[\"https:\/\/www.facebook.com\/arquilediluminacao\",\"https:\/\/www.linkedin.com\/company\/arquiled\/\"]}]}<\/script>\n<!-- \/ Yoast SEO plugin. -->","yoast_head_json":{"title":"Alumbrado P\u00fablico LED - Parque Canino y Huerta Comunitaria | Estoril","description":"Un nuevo espacio verde con parque para perros, \u00e1rea de recreaci\u00f3n y huertas comunitarias, iluminado pela eficiente luminaria SCULPTOR 100.","robots":{"index":"noindex","follow":"follow","max-snippet":"max-snippet:-1","max-image-preview":"max-image-preview:large","max-video-preview":"max-video-preview:-1"},"twitter_card":"summary_large_image","twitter_title":"Alumbrado P\u00fablico LED - Parque Canino y Huerta Comunitaria | Estoril","twitter_description":"Un nuevo espacio verde con parque para perros, \u00e1rea de recreaci\u00f3n y huertas comunitarias, iluminado pela eficiente luminaria SCULPTOR 100.","twitter_image":"https:\/\/arq.trigger.pt\/wp-content\/uploads\/2021\/09\/Arquiled-Projeto-Cover-Amoreira-1.jpg","twitter_misc":{"Tiempo de lectura":"1 minuto"},"schema":{"@context":"https:\/\/schema.org","@graph":[{"@type":"WebPage","@id":"https:\/\/arq.trigger.pt\/es-CO\/proyecto\/iluminacao-publica-led-parque-canino-cascais\/","url":"https:\/\/arq.trigger.pt\/es-CO\/proyecto\/iluminacao-publica-led-parque-canino-cascais\/","name":"Alumbrado P\u00fablico LED - Parque Canino y Huerta Comunitaria | Estoril","isPartOf":{"@id":"https:\/\/arq.trigger.pt\/es-CO\/#website"},"primaryImageOfPage":{"@id":"https:\/\/arq.trigger.pt\/es-CO\/proyecto\/iluminacao-publica-led-parque-canino-cascais\/#primaryimage"},"image":{"@id":"https:\/\/arq.trigger.pt\/es-CO\/proyecto\/iluminacao-publica-led-parque-canino-cascais\/#primaryimage"},"thumbnailUrl":"https:\/\/arq.trigger.pt\/wp-content\/uploads\/2021\/09\/Arquiled-Projeto-Cover-Amoreira-1.jpg","datePublished":"2021-09-30T16:30:53+00:00","dateModified":"2023-07-24T12:10:36+00:00","description":"Un nuevo espacio verde con parque para perros, \u00e1rea de recreaci\u00f3n y huertas comunitarias, iluminado pela eficiente luminaria SCULPTOR 100.","breadcrumb":{"@id":"https:\/\/arq.trigger.pt\/es-CO\/proyecto\/iluminacao-publica-led-parque-canino-cascais\/#breadcrumb"},"inLanguage":"es-CO","potentialAction":[{"@type":"ReadAction","target":["https:\/\/arq.trigger.pt\/es-CO\/proyecto\/iluminacao-publica-led-parque-canino-cascais\/"]}]},{"@type":"ImageObject","inLanguage":"es-CO","@id":"https:\/\/arq.trigger.pt\/es-CO\/proyecto\/iluminacao-publica-led-parque-canino-cascais\/#primaryimage","url":"https:\/\/arq.trigger.pt\/wp-content\/uploads\/2021\/09\/Arquiled-Projeto-Cover-Amoreira-1.jpg","contentUrl":"https:\/\/arq.trigger.pt\/wp-content\/uploads\/2021\/09\/Arquiled-Projeto-Cover-Amoreira-1.jpg","width":600,"height":350,"caption":"Arquiled Ilumina\u00e7\u00e3o P\u00fablica LED - Projeto - Parque Urbano Outeiro da Vela - Amoreiras"},{"@type":"BreadcrumbList","@id":"https:\/\/arq.trigger.pt\/es-CO\/proyecto\/iluminacao-publica-led-parque-canino-cascais\/#breadcrumb","itemListElement":[{"@type":"ListItem","position":1,"name":"In\u00edcio","item":"https:\/\/arq.trigger.pt\/es-CO\/"},{"@type":"ListItem","position":2,"name":"Portfolio","item":"https:\/\/arq.trigger.pt\/es-CO\/proyecto\/"},{"@type":"ListItem","position":3,"name":"Espacio Verde Urbano, Estoril"}]},{"@type":"WebSite","@id":"https:\/\/arq.trigger.pt\/es-CO\/#website","url":"https:\/\/arq.trigger.pt\/es-CO\/","name":"Arquiled","description":"Bright New Future","publisher":{"@id":"https:\/\/arq.trigger.pt\/es-CO\/#organization"},"potentialAction":[{"@type":"SearchAction","target":{"@type":"EntryPoint","urlTemplate":"https:\/\/arq.trigger.pt\/es-CO\/?s={search_term_string}"},"query-input":{"@type":"PropertyValueSpecification","valueRequired":true,"valueName":"search_term_string"}}],"inLanguage":"es-CO"},{"@type":"Organization","@id":"https:\/\/arq.trigger.pt\/es-CO\/#organization","name":"Arquiled - Bright New Future","url":"https:\/\/arq.trigger.pt\/es-CO\/","logo":{"@type":"ImageObject","inLanguage":"es-CO","@id":"https:\/\/arq.trigger.pt\/es-CO\/#\/schema\/logo\/image\/","url":"https:\/\/arq.trigger.pt\/wp-content\/uploads\/2018\/01\/logo-arquiled_retina.png","contentUrl":"https:\/\/arq.trigger.pt\/wp-content\/uploads\/2018\/01\/logo-arquiled_retina.png","width":490,"height":144,"caption":"Arquiled - Bright New Future"},"image":{"@id":"https:\/\/arq.trigger.pt\/es-CO\/#\/schema\/logo\/image\/"},"sameAs":["https:\/\/www.facebook.com\/arquilediluminacao","https:\/\/www.linkedin.com\/company\/arquiled\/"]}]}},"_links":{"self":[{"href":"https:\/\/arq.trigger.pt\/es-CO\/wp-json\/wp\/v2\/dt_portfolio\/68632","targetHints":{"allow":["GET"]}}],"collection":[{"href":"https:\/\/arq.trigger.pt\/es-CO\/wp-json\/wp\/v2\/dt_portfolio"}],"about":[{"href":"https:\/\/arq.trigger.pt\/es-CO\/wp-json\/wp\/v2\/types\/dt_portfolio"}],"author":[{"embeddable":true,"href":"https:\/\/arq.trigger.pt\/es-CO\/wp-json\/wp\/v2\/users\/13"}],"replies":[{"embeddable":true,"href":"https:\/\/arq.trigger.pt\/es-CO\/wp-json\/wp\/v2\/comments?post=68632"}],"version-history":[{"count":2,"href":"https:\/\/arq.trigger.pt\/es-CO\/wp-json\/wp\/v2\/dt_portfolio\/68632\/revisions"}],"predecessor-version":[{"id":73319,"href":"https:\/\/arq.trigger.pt\/es-CO\/wp-json\/wp\/v2\/dt_portfolio\/68632\/revisions\/73319"}],"wp:featuredmedia":[{"embeddable":true,"href":"https:\/\/arq.trigger.pt\/es-CO\/wp-json\/wp\/v2\/media\/68754"}],"wp:attachment":[{"href":"https:\/\/arq.trigger.pt\/es-CO\/wp-json\/wp\/v2\/media?parent=68632"}],"wp:term":[{"taxonomy":"dt_portfolio_category","embeddable":true,"href":"https:\/\/arq.trigger.pt\/es-CO\/wp-json\/wp\/v2\/dt_portfolio_category?post=68632"},{"taxonomy":"dt_portfolio_tags","embeddable":true,"href":"https:\/\/arq.trigger.pt\/es-CO\/wp-json\/wp\/v2\/dt_portfolio_tags?post=68632"}],"curies":[{"name":"wp","href":"https:\/\/api.w.org\/{rel}","templated":true}]}}