{"id":57005,"date":"2017-11-22T12:18:51","date_gmt":"2017-11-22T12:18:51","guid":{"rendered":"http:\/\/www.arquiled.com\/?post_type=dt_portfolio&#038;p=57005"},"modified":"2018-09-26T13:14:23","modified_gmt":"2018-09-26T13:14:23","slug":"plaza-del-ayuntamiento-lisboa","status":"publish","type":"dt_portfolio","link":"https:\/\/arq.trigger.pt\/es\/proyecto\/plaza-del-ayuntamiento-lisboa\/","title":{"rendered":"Plaza del Ayuntamiento &#8211; Lisboa"},"content":{"rendered":"<div class=\"wpb-content-wrapper\"><p>[vc_row type=\u00bbvc_default\u00bb css=\u00bb.vc_custom_1516041748823{margin-bottom: 70px !important;}\u00bb][vc_column]<div id=\"ultimate-heading-798169ec945b7d7a6\" class=\"uvc-heading ult-adjust-bottom-margin ultimate-heading-798169ec945b7d7a6 uvc-9497 \" data-hspacer=\"line_only\"  data-halign=\"left\" style=\"text-align:left\"><div class=\"uvc-main-heading ult-responsive\"  data-ultimate-target='.uvc-heading.ultimate-heading-798169ec945b7d7a6 h1'  data-responsive-json-new='{\"font-size\":\"desktop:30px;\",\"line-height\":\"desktop:40px;\"}' ><h1 style=\"font-weight:700;margin-bottom:10px;\">PLAZA DEL AYUNTAMIENTO - LISBOA<\/h1><\/div><div class=\"uvc-heading-spacer line_only\" style=\"margin-bottom:30px;height:3px;\"><span class=\"uvc-headings-line\" style=\"border-style:solid;border-bottom-width:3px;border-color:#da2128;width:200px;\"><\/span><\/div><div class=\"uvc-sub-heading ult-responsive\"  data-ultimate-target='.uvc-heading.ultimate-heading-798169ec945b7d7a6 .uvc-sub-heading '  data-responsive-json-new='{\"font-size\":\"desktop:20px;\",\"line-height\":\"desktop:30px;\"}'  style=\"font-family:&#039;Roboto&#039;;font-weight:bold;color:#333333;margin-bottom:10px;\">Plaza del Ayuntamiento de Lisboa con sistema inteligente de alumbrado p\u00fablico<\/div><\/div>[vc_row_inner css=\u00bb.vc_custom_1509114588078{margin-top: 30px !important;}\u00bb][vc_column_inner width=\u00bb1\/3&#8243; css=\u00bb.vc_custom_1511196402503{margin-right: -30px !important;}\u00bb]<div class=\"standard-arrow list-divider bullet-top\"><ul>\n<li>Cliente: <strong>Ayuntamiento de Lisboa<\/strong><\/li>\n<li>Fecha: <strong>2015<\/strong><\/li>\n<li>Tipolog\u00eda: <strong>Alumbrado p\u00fablico<\/strong><\/li>\n<\/ul>\n<\/div>[vc_empty_space height=\u00bb20px\u00bb]<style type=\"text\/css\" data-type=\"the7_shortcodes-inline-css\">#default-btn-387d6a3aab22d7f002eb931c530da055.ico-right-side > i {\n  margin-right: 0px;\n  margin-left: 8px;\n}\n#default-btn-387d6a3aab22d7f002eb931c530da055 > i {\n  margin-right: 8px;\n}\n<\/style><div class=\"btn-align-center\"><a href=\"\/wp-content\/uploads\/2018\/09\/ARQUILED-CASE-STUDY-IP-P\u00c7-MUNICIPIO-LISBOA-2014_ES-P2020.pdf\" class=\"default-btn-shortcode dt-btn dt-btn-m link-hover-off full-width-btn \" target=\"_blank\" id=\"default-btn-387d6a3aab22d7f002eb931c530da055\" rel=\"noopener\"><i class=\"fa fa-download\"><\/i><span>DESCARGAR PROYECTO (pdf)<\/span><\/a><\/div>[\/vc_column_inner][vc_column_inner width=\u00bb2\/3&#8243;][vc_column_text]La Plaza del Ayuntamiento de Lisboa es un punto emblem\u00e1tico e hist\u00f3rico de la ciudad, por ello ten\u00eda los siguientes objetivos esenciales: substituir el alumbrado p\u00fablico tradicional por tecnolog\u00eda LED, como medida de eficiencia energ\u00e9tica; la reducci\u00f3n del consumo de energ\u00eda en el alumbrado p\u00fablico; y conservar las farolas hist\u00f3ricas. Esto implic\u00f3 que el proyecto contase con una componente de conversi\u00f3n de la tecnolog\u00eda que obligaba a mantener y conservar los equipos existentes &#8211; retrofit.<\/p>\n<p>El conjunto de acciones incluy\u00f3 adem\u00e1s la instalaci\u00f3n de sensores de movimiento y el desarrollo de un sistema de gesti\u00f3n que puede ser controlado remotamente con recursos adicionales de reducci\u00f3n del flujo luminoso, asociado al movimiento peatonal o viario, y un centro de supervisi\u00f3n desde el que se pueden establecer perfiles de consumo de energ\u00eda para cada luminaria LED.[\/vc_column_text][\/vc_column_inner][\/vc_row_inner][\/vc_column][\/vc_row][vc_row type=\u00bbvc_default\u00bb][vc_column width=\u00bb1\/3&#8243;][vc_single_image image=\u00bb53960&#8243; img_size=\u00bbfull\u00bb onclick=\u00bblink_image\u00bb][\/vc_column][vc_column width=\u00bb1\/3&#8243;][vc_single_image image=\u00bb53968&#8243; img_size=\u00bbfull\u00bb onclick=\u00bblink_image\u00bb][\/vc_column][vc_column width=\u00bb1\/3&#8243;][vc_single_image image=\u00bb53975&#8243; img_size=\u00bbfull\u00bb onclick=\u00bblink_image\u00bb][\/vc_column][\/vc_row]<\/p>\n<\/div>","protected":false},"excerpt":{"rendered":"<p>Plaza del Ayuntamiento de Lisboa con sistema inteligente de alumbrado p\u00fablico.<\/p>\n","protected":false},"author":6,"featured_media":55693,"comment_status":"closed","ping_status":"closed","template":"","dt_portfolio_category":[420,421],"dt_portfolio_tags":[],"class_list":["post-57005","dt_portfolio","type-dt_portfolio","status-publish","has-post-thumbnail","hentry","dt_portfolio_category-servicos-cus-es","dt_portfolio_category-alumbrado-publico","dt_portfolio_category-420","dt_portfolio_category-421","description-off"],"acf":[],"yoast_head":"<!-- This site is optimized with the Yoast SEO plugin v26.1 - https:\/\/yoast.com\/wordpress\/plugins\/seo\/ -->\n<title>Alumbrado P\u00fablico LED - Plaza del Ayuntamiento, Lisboa | Arquiled<\/title>\n<meta name=\"description\" content=\"El proyecto de alumbrado p\u00fablico para la Plaza del Ayuntamiento de Lisboa incluy\u00f3 la instalaci\u00f3n de sensores de movimiento y de un sistema de gesti\u00f3n que puede ser controlado remotamente. El proyecto conserv\u00f3 las farolas hist\u00f3ricas \u2013 retrofit. Descubre m\u00e1s. | Arquiled\" \/>\n<meta name=\"robots\" content=\"noindex, follow, max-snippet:-1, max-image-preview:large, max-video-preview:-1\" \/>\n<meta name=\"twitter:card\" content=\"summary_large_image\" \/>\n<meta name=\"twitter:title\" content=\"Alumbrado P\u00fablico LED - Plaza del Ayuntamiento, Lisboa | Arquiled\" \/>\n<meta name=\"twitter:description\" content=\"El proyecto de alumbrado p\u00fablico para la Plaza del Ayuntamiento de Lisboa incluy\u00f3 la instalaci\u00f3n de sensores de movimiento y de un sistema de gesti\u00f3n que puede ser controlado remotamente. El proyecto conserv\u00f3 las farolas hist\u00f3ricas \u2013 retrofit. Descubre m\u00e1s. | Arquiled\" \/>\n<meta name=\"twitter:image\" content=\"https:\/\/arq.trigger.pt\/wp-content\/uploads\/2017\/11\/Destaque-11.png\" \/>\n<meta name=\"twitter:label1\" content=\"Tiempo de lectura\" \/>\n\t<meta name=\"twitter:data1\" content=\"2 minutos\" \/>\n<script type=\"application\/ld+json\" class=\"yoast-schema-graph\">{\"@context\":\"https:\/\/schema.org\",\"@graph\":[{\"@type\":\"WebPage\",\"@id\":\"https:\/\/arq.trigger.pt\/es\/proyecto\/plaza-del-ayuntamiento-lisboa\/\",\"url\":\"https:\/\/arq.trigger.pt\/es\/proyecto\/plaza-del-ayuntamiento-lisboa\/\",\"name\":\"Alumbrado P\u00fablico LED - Plaza del Ayuntamiento, Lisboa | Arquiled\",\"isPartOf\":{\"@id\":\"https:\/\/arq.trigger.pt\/es\/#website\"},\"primaryImageOfPage\":{\"@id\":\"https:\/\/arq.trigger.pt\/es\/proyecto\/plaza-del-ayuntamiento-lisboa\/#primaryimage\"},\"image\":{\"@id\":\"https:\/\/arq.trigger.pt\/es\/proyecto\/plaza-del-ayuntamiento-lisboa\/#primaryimage\"},\"thumbnailUrl\":\"https:\/\/arq.trigger.pt\/wp-content\/uploads\/2017\/11\/Destaque-11.png\",\"datePublished\":\"2017-11-22T12:18:51+00:00\",\"dateModified\":\"2018-09-26T13:14:23+00:00\",\"description\":\"El proyecto de alumbrado p\u00fablico para la Plaza del Ayuntamiento de Lisboa incluy\u00f3 la instalaci\u00f3n de sensores de movimiento y de un sistema de gesti\u00f3n que puede ser controlado remotamente. El proyecto conserv\u00f3 las farolas hist\u00f3ricas \u2013 retrofit. Descubre m\u00e1s. | Arquiled\",\"breadcrumb\":{\"@id\":\"https:\/\/arq.trigger.pt\/es\/proyecto\/plaza-del-ayuntamiento-lisboa\/#breadcrumb\"},\"inLanguage\":\"es\",\"potentialAction\":[{\"@type\":\"ReadAction\",\"target\":[\"https:\/\/arq.trigger.pt\/es\/proyecto\/plaza-del-ayuntamiento-lisboa\/\"]}]},{\"@type\":\"ImageObject\",\"inLanguage\":\"es\",\"@id\":\"https:\/\/arq.trigger.pt\/es\/proyecto\/plaza-del-ayuntamiento-lisboa\/#primaryimage\",\"url\":\"https:\/\/arq.trigger.pt\/wp-content\/uploads\/2017\/11\/Destaque-11.png\",\"contentUrl\":\"https:\/\/arq.trigger.pt\/wp-content\/uploads\/2017\/11\/Destaque-11.png\",\"width\":600,\"height\":350},{\"@type\":\"BreadcrumbList\",\"@id\":\"https:\/\/arq.trigger.pt\/es\/proyecto\/plaza-del-ayuntamiento-lisboa\/#breadcrumb\",\"itemListElement\":[{\"@type\":\"ListItem\",\"position\":1,\"name\":\"In\u00edcio\",\"item\":\"https:\/\/arq.trigger.pt\/es\/\"},{\"@type\":\"ListItem\",\"position\":2,\"name\":\"Portafolio\",\"item\":\"https:\/\/arq.trigger.pt\/es\/proyecto\/\"},{\"@type\":\"ListItem\",\"position\":3,\"name\":\"Plaza del Ayuntamiento &#8211; Lisboa\"}]},{\"@type\":\"WebSite\",\"@id\":\"https:\/\/arq.trigger.pt\/es\/#website\",\"url\":\"https:\/\/arq.trigger.pt\/es\/\",\"name\":\"Arquiled\",\"description\":\"Bright New Future\",\"publisher\":{\"@id\":\"https:\/\/arq.trigger.pt\/es\/#organization\"},\"potentialAction\":[{\"@type\":\"SearchAction\",\"target\":{\"@type\":\"EntryPoint\",\"urlTemplate\":\"https:\/\/arq.trigger.pt\/es\/?s={search_term_string}\"},\"query-input\":{\"@type\":\"PropertyValueSpecification\",\"valueRequired\":true,\"valueName\":\"search_term_string\"}}],\"inLanguage\":\"es\"},{\"@type\":\"Organization\",\"@id\":\"https:\/\/arq.trigger.pt\/es\/#organization\",\"name\":\"Arquiled - Bright New Future\",\"url\":\"https:\/\/arq.trigger.pt\/es\/\",\"logo\":{\"@type\":\"ImageObject\",\"inLanguage\":\"es\",\"@id\":\"https:\/\/arq.trigger.pt\/es\/#\/schema\/logo\/image\/\",\"url\":\"https:\/\/arq.trigger.pt\/wp-content\/uploads\/2018\/01\/logo-arquiled_retina.png\",\"contentUrl\":\"https:\/\/arq.trigger.pt\/wp-content\/uploads\/2018\/01\/logo-arquiled_retina.png\",\"width\":490,\"height\":144,\"caption\":\"Arquiled - Bright New Future\"},\"image\":{\"@id\":\"https:\/\/arq.trigger.pt\/es\/#\/schema\/logo\/image\/\"},\"sameAs\":[\"https:\/\/www.facebook.com\/arquilediluminacao\",\"https:\/\/www.linkedin.com\/company\/arquiled\/\"]}]}<\/script>\n<!-- \/ Yoast SEO plugin. -->","yoast_head_json":{"title":"Alumbrado P\u00fablico LED - Plaza del Ayuntamiento, Lisboa | Arquiled","description":"El proyecto de alumbrado p\u00fablico para la Plaza del Ayuntamiento de Lisboa incluy\u00f3 la instalaci\u00f3n de sensores de movimiento y de un sistema de gesti\u00f3n que puede ser controlado remotamente. El proyecto conserv\u00f3 las farolas hist\u00f3ricas \u2013 retrofit. Descubre m\u00e1s. | Arquiled","robots":{"index":"noindex","follow":"follow","max-snippet":"max-snippet:-1","max-image-preview":"max-image-preview:large","max-video-preview":"max-video-preview:-1"},"twitter_card":"summary_large_image","twitter_title":"Alumbrado P\u00fablico LED - Plaza del Ayuntamiento, Lisboa | Arquiled","twitter_description":"El proyecto de alumbrado p\u00fablico para la Plaza del Ayuntamiento de Lisboa incluy\u00f3 la instalaci\u00f3n de sensores de movimiento y de un sistema de gesti\u00f3n que puede ser controlado remotamente. El proyecto conserv\u00f3 las farolas hist\u00f3ricas \u2013 retrofit. Descubre m\u00e1s. | Arquiled","twitter_image":"https:\/\/arq.trigger.pt\/wp-content\/uploads\/2017\/11\/Destaque-11.png","twitter_misc":{"Tiempo de lectura":"2 minutos"},"schema":{"@context":"https:\/\/schema.org","@graph":[{"@type":"WebPage","@id":"https:\/\/arq.trigger.pt\/es\/proyecto\/plaza-del-ayuntamiento-lisboa\/","url":"https:\/\/arq.trigger.pt\/es\/proyecto\/plaza-del-ayuntamiento-lisboa\/","name":"Alumbrado P\u00fablico LED - Plaza del Ayuntamiento, Lisboa | Arquiled","isPartOf":{"@id":"https:\/\/arq.trigger.pt\/es\/#website"},"primaryImageOfPage":{"@id":"https:\/\/arq.trigger.pt\/es\/proyecto\/plaza-del-ayuntamiento-lisboa\/#primaryimage"},"image":{"@id":"https:\/\/arq.trigger.pt\/es\/proyecto\/plaza-del-ayuntamiento-lisboa\/#primaryimage"},"thumbnailUrl":"https:\/\/arq.trigger.pt\/wp-content\/uploads\/2017\/11\/Destaque-11.png","datePublished":"2017-11-22T12:18:51+00:00","dateModified":"2018-09-26T13:14:23+00:00","description":"El proyecto de alumbrado p\u00fablico para la Plaza del Ayuntamiento de Lisboa incluy\u00f3 la instalaci\u00f3n de sensores de movimiento y de un sistema de gesti\u00f3n que puede ser controlado remotamente. El proyecto conserv\u00f3 las farolas hist\u00f3ricas \u2013 retrofit. Descubre m\u00e1s. | Arquiled","breadcrumb":{"@id":"https:\/\/arq.trigger.pt\/es\/proyecto\/plaza-del-ayuntamiento-lisboa\/#breadcrumb"},"inLanguage":"es","potentialAction":[{"@type":"ReadAction","target":["https:\/\/arq.trigger.pt\/es\/proyecto\/plaza-del-ayuntamiento-lisboa\/"]}]},{"@type":"ImageObject","inLanguage":"es","@id":"https:\/\/arq.trigger.pt\/es\/proyecto\/plaza-del-ayuntamiento-lisboa\/#primaryimage","url":"https:\/\/arq.trigger.pt\/wp-content\/uploads\/2017\/11\/Destaque-11.png","contentUrl":"https:\/\/arq.trigger.pt\/wp-content\/uploads\/2017\/11\/Destaque-11.png","width":600,"height":350},{"@type":"BreadcrumbList","@id":"https:\/\/arq.trigger.pt\/es\/proyecto\/plaza-del-ayuntamiento-lisboa\/#breadcrumb","itemListElement":[{"@type":"ListItem","position":1,"name":"In\u00edcio","item":"https:\/\/arq.trigger.pt\/es\/"},{"@type":"ListItem","position":2,"name":"Portafolio","item":"https:\/\/arq.trigger.pt\/es\/proyecto\/"},{"@type":"ListItem","position":3,"name":"Plaza del Ayuntamiento &#8211; Lisboa"}]},{"@type":"WebSite","@id":"https:\/\/arq.trigger.pt\/es\/#website","url":"https:\/\/arq.trigger.pt\/es\/","name":"Arquiled","description":"Bright New Future","publisher":{"@id":"https:\/\/arq.trigger.pt\/es\/#organization"},"potentialAction":[{"@type":"SearchAction","target":{"@type":"EntryPoint","urlTemplate":"https:\/\/arq.trigger.pt\/es\/?s={search_term_string}"},"query-input":{"@type":"PropertyValueSpecification","valueRequired":true,"valueName":"search_term_string"}}],"inLanguage":"es"},{"@type":"Organization","@id":"https:\/\/arq.trigger.pt\/es\/#organization","name":"Arquiled - Bright New Future","url":"https:\/\/arq.trigger.pt\/es\/","logo":{"@type":"ImageObject","inLanguage":"es","@id":"https:\/\/arq.trigger.pt\/es\/#\/schema\/logo\/image\/","url":"https:\/\/arq.trigger.pt\/wp-content\/uploads\/2018\/01\/logo-arquiled_retina.png","contentUrl":"https:\/\/arq.trigger.pt\/wp-content\/uploads\/2018\/01\/logo-arquiled_retina.png","width":490,"height":144,"caption":"Arquiled - Bright New Future"},"image":{"@id":"https:\/\/arq.trigger.pt\/es\/#\/schema\/logo\/image\/"},"sameAs":["https:\/\/www.facebook.com\/arquilediluminacao","https:\/\/www.linkedin.com\/company\/arquiled\/"]}]}},"_links":{"self":[{"href":"https:\/\/arq.trigger.pt\/es\/wp-json\/wp\/v2\/dt_portfolio\/57005","targetHints":{"allow":["GET"]}}],"collection":[{"href":"https:\/\/arq.trigger.pt\/es\/wp-json\/wp\/v2\/dt_portfolio"}],"about":[{"href":"https:\/\/arq.trigger.pt\/es\/wp-json\/wp\/v2\/types\/dt_portfolio"}],"author":[{"embeddable":true,"href":"https:\/\/arq.trigger.pt\/es\/wp-json\/wp\/v2\/users\/6"}],"replies":[{"embeddable":true,"href":"https:\/\/arq.trigger.pt\/es\/wp-json\/wp\/v2\/comments?post=57005"}],"version-history":[{"count":0,"href":"https:\/\/arq.trigger.pt\/es\/wp-json\/wp\/v2\/dt_portfolio\/57005\/revisions"}],"wp:featuredmedia":[{"embeddable":true,"href":"https:\/\/arq.trigger.pt\/es\/wp-json\/wp\/v2\/media\/55693"}],"wp:attachment":[{"href":"https:\/\/arq.trigger.pt\/es\/wp-json\/wp\/v2\/media?parent=57005"}],"wp:term":[{"taxonomy":"dt_portfolio_category","embeddable":true,"href":"https:\/\/arq.trigger.pt\/es\/wp-json\/wp\/v2\/dt_portfolio_category?post=57005"},{"taxonomy":"dt_portfolio_tags","embeddable":true,"href":"https:\/\/arq.trigger.pt\/es\/wp-json\/wp\/v2\/dt_portfolio_tags?post=57005"}],"curies":[{"name":"wp","href":"https:\/\/api.w.org\/{rel}","templated":true}]}}